{"id":505,"date":"2018-09-11T18:19:34","date_gmt":"2018-09-11T17:19:34","guid":{"rendered":"https:\/\/imprimepopulaire.wordpress.com\/?page_id=505"},"modified":"2026-02-07T11:02:27","modified_gmt":"2026-02-07T10:02:27","slug":"agenda","status":"publish","type":"page","link":"http:\/\/imprimepopulaire.fr\/?page_id=505","title":{"rendered":"AGENDA"},"content":{"rendered":"\n<p><strong>F\u00e9vrier <strong>2026<\/strong><\/strong><\/p>\n\n\n\n<p>27 f\u00e9vrier \u00e0 partir de 18h30 : soir\u00e9e autour d&rsquo;une presse. Venez d\u00e9couvrir Ijin Machine et discuter technique avec Jean-Baptiste Cautin. Cela se d\u00e9roulera au local du 48 rue des vignoles \u00e0 Paris 20e<\/p>\n\n\n\n<p><strong>Mars <strong>2026<\/strong><\/strong><\/p>\n\n\n\n<p><strong>Avril <strong>2026<\/strong><\/strong><\/p>\n\n\n\n<p><strong>Mai <strong>2026<\/strong><\/strong><\/p>\n\n\n\n<p><strong>Juin <strong>2026<\/strong><\/strong><\/p>\n\n\n\n<p><strong>Juillet <strong>2026<\/strong><\/strong><\/p>\n\n\n\n<p><\/p>\n\n\n\n<p><strong>Ao\u00fbt 2026<\/strong><\/p>\n\n\n\n<p><\/p>\n\n\n\n<p><strong>Septembre 2026<\/strong><\/p>\n\n\n\n<p><\/p>\n\n\n\n<p><strong>Octobre 2026<\/strong><\/p>\n\n\n\n<p><\/p>\n\n\n\n<p><strong>Novembre 2026<\/strong><\/p>\n\n\n\n<p><\/p>\n\n\n\n<p><strong>D\u00e9cembre 2026<\/strong><\/p>\n\n\n\n<p><\/p>\n\n\n\n<p><\/p>\n\n\n\n<h2 class=\"wp-block-heading\"><strong>\u00c9v\u00e9nements pass\u00e9s<\/strong><\/h2>\n\n\n\n<p>6 d\u00e9cembre 2025 : atelier de s\u00e9rigraphie DIY \u00e0 la m\u00e9diath\u00e8que Marie Curie de Saint-Michel-sur-Orge (91). <\/p>\n\n\n\n<p>Samedi 5 juillet 2025 : atelier de collagraphie papier-carton au 48 rue des vignoles (Paris 20e). Prix libre sur inscription (<a href=\"mailto:lesamis@imprimepopulaire.fr\">envoyez nous un mail<\/a> en pr\u00e9cisant l&rsquo;horaire qui vous convient)<\/p>\n\n\n\n<p>Samedi 5 juillet de 19h \u00e0 21h (minimum) : Ap\u00e9ro de lancement des nouvelles brochures des ami.es de l&rsquo;Imprim\u00e9 Populaire au 48 rue des vignoles (Paris 20e). Entr\u00e9e libre<\/p>\n","protected":false},"excerpt":{"rendered":"<p>Retrouvez les dates des \u00e9v\u00e9nements fanzines, DIY ou autres o\u00f9 nous retrouver, mais aussi nos futurs ateliers.<\/p>\n","protected":false},"author":1,"featured_media":978,"parent":0,"menu_order":4,"comment_status":"closed","ping_status":"closed","template":"","meta":{"footnotes":"[]"},"class_list":["post-505","page","type-page","status-publish","has-post-thumbnail","hentry"],"yoast_head":"<!-- This site is optimized with the Yoast SEO plugin v26.0 - https:\/\/yoast.com\/wordpress\/plugins\/seo\/ -->\n<title>AGENDA - Les amis de l&#039;Imprim\u00e9 Populaire<\/title>\n<meta name=\"description\" content=\"Les prochains ateliers (notamment de s\u00e9rigraphie, hectographie ou de gravure en r\u00e9cup&#039;) ou stands pr\u00e9vus par les amis de l&#039;Imprim\u00e9 Populaire.\" \/>\n<meta name=\"robots\" content=\"index, follow, max-snippet:-1, max-image-preview:large, max-video-preview:-1\" \/>\n<link rel=\"canonical\" href=\"http:\/\/imprimepopulaire.fr\/?page_id=505\" \/>\n<meta property=\"og:locale\" content=\"fr_FR\" \/>\n<meta property=\"og:type\" content=\"article\" \/>\n<meta property=\"og:title\" content=\"Les prochains ateliers des amis de l&#039;Imprim\u00e9 Populaire\" \/>\n<meta property=\"og:description\" content=\"Les prochains ateliers des amis de l&#039;Imprim\u00e9 Populaire\" \/>\n<meta property=\"og:url\" content=\"http:\/\/imprimepopulaire.fr\/?page_id=505\" \/>\n<meta property=\"og:site_name\" content=\"Les amis de l&#039;Imprim\u00e9 Populaire\" \/>\n<meta property=\"article:modified_time\" content=\"2026-02-07T10:02:27+00:00\" \/>\n<meta property=\"og:image\" content=\"http:\/\/imprimepopulaire.fr\/wp-content\/uploads\/2019\/12\/banniere_atelierzine-1024x614.png\" \/>\n\t<meta property=\"og:image:width\" content=\"1024\" \/>\n\t<meta property=\"og:image:height\" content=\"614\" \/>\n\t<meta property=\"og:image:type\" content=\"image\/png\" \/>\n<meta name=\"twitter:card\" content=\"summary_large_image\" \/>\n<meta name=\"twitter:label1\" content=\"Dur\u00e9e de lecture estim\u00e9e\" \/>\n\t<meta name=\"twitter:data1\" content=\"1 minute\" \/>\n<script type=\"application\/ld+json\" class=\"yoast-schema-graph\">{\"@context\":\"https:\/\/schema.org\",\"@graph\":[{\"@type\":\"WebPage\",\"@id\":\"http:\/\/imprimepopulaire.fr\/?page_id=505\",\"url\":\"http:\/\/imprimepopulaire.fr\/?page_id=505\",\"name\":\"AGENDA - Les amis de l&#039;Imprim\u00e9 Populaire\",\"isPartOf\":{\"@id\":\"https:\/\/imprimepopulaire.fr\/#website\"},\"primaryImageOfPage\":{\"@id\":\"http:\/\/imprimepopulaire.fr\/?page_id=505#primaryimage\"},\"image\":{\"@id\":\"http:\/\/imprimepopulaire.fr\/?page_id=505#primaryimage\"},\"thumbnailUrl\":\"http:\/\/imprimepopulaire.fr\/wp-content\/uploads\/2019\/12\/banniere_atelierzine.png\",\"datePublished\":\"2018-09-11T17:19:34+00:00\",\"dateModified\":\"2026-02-07T10:02:27+00:00\",\"description\":\"Les prochains ateliers (notamment de s\u00e9rigraphie, hectographie ou de gravure en r\u00e9cup') ou stands pr\u00e9vus par les amis de l'Imprim\u00e9 Populaire.\",\"breadcrumb\":{\"@id\":\"http:\/\/imprimepopulaire.fr\/?page_id=505#breadcrumb\"},\"inLanguage\":\"fr-FR\",\"potentialAction\":[{\"@type\":\"ReadAction\",\"target\":[\"http:\/\/imprimepopulaire.fr\/?page_id=505\"]}]},{\"@type\":\"ImageObject\",\"inLanguage\":\"fr-FR\",\"@id\":\"http:\/\/imprimepopulaire.fr\/?page_id=505#primaryimage\",\"url\":\"http:\/\/imprimepopulaire.fr\/wp-content\/uploads\/2019\/12\/banniere_atelierzine.png\",\"contentUrl\":\"http:\/\/imprimepopulaire.fr\/wp-content\/uploads\/2019\/12\/banniere_atelierzine.png\",\"width\":2000,\"height\":1200},{\"@type\":\"BreadcrumbList\",\"@id\":\"http:\/\/imprimepopulaire.fr\/?page_id=505#breadcrumb\",\"itemListElement\":[{\"@type\":\"ListItem\",\"position\":1,\"name\":\"Accueil\",\"item\":\"https:\/\/imprimepopulaire.fr\/\"},{\"@type\":\"ListItem\",\"position\":2,\"name\":\"AGENDA\"}]},{\"@type\":\"WebSite\",\"@id\":\"https:\/\/imprimepopulaire.fr\/#website\",\"url\":\"https:\/\/imprimepopulaire.fr\/\",\"name\":\"Les amis de l&#039;Imprim\u00e9 Populaire\",\"description\":\"\",\"publisher\":{\"@id\":\"https:\/\/imprimepopulaire.fr\/#organization\"},\"potentialAction\":[{\"@type\":\"SearchAction\",\"target\":{\"@type\":\"EntryPoint\",\"urlTemplate\":\"https:\/\/imprimepopulaire.fr\/?s={search_term_string}\"},\"query-input\":{\"@type\":\"PropertyValueSpecification\",\"valueRequired\":true,\"valueName\":\"search_term_string\"}}],\"inLanguage\":\"fr-FR\"},{\"@type\":\"Organization\",\"@id\":\"https:\/\/imprimepopulaire.fr\/#organization\",\"name\":\"Les amis de l&#039;Imprim\u00e9 Populaire\",\"url\":\"https:\/\/imprimepopulaire.fr\/\",\"logo\":{\"@type\":\"ImageObject\",\"inLanguage\":\"fr-FR\",\"@id\":\"https:\/\/imprimepopulaire.fr\/#\/schema\/logo\/image\/\",\"url\":\"http:\/\/imprimepopulaire.fr\/wp-content\/uploads\/2019\/12\/cropped-logo4_av_slogan-1.png\",\"contentUrl\":\"http:\/\/imprimepopulaire.fr\/wp-content\/uploads\/2019\/12\/cropped-logo4_av_slogan-1.png\",\"width\":1008,\"height\":400,\"caption\":\"Les amis de l&#039;Imprim\u00e9 Populaire\"},\"image\":{\"@id\":\"https:\/\/imprimepopulaire.fr\/#\/schema\/logo\/image\/\"}}]}<\/script>\n<!-- \/ Yoast SEO plugin. -->","yoast_head_json":{"title":"AGENDA - Les amis de l&#039;Imprim\u00e9 Populaire","description":"Les prochains ateliers (notamment de s\u00e9rigraphie, hectographie ou de gravure en r\u00e9cup') ou stands pr\u00e9vus par les amis de l'Imprim\u00e9 Populaire.","robots":{"index":"index","follow":"follow","max-snippet":"max-snippet:-1","max-image-preview":"max-image-preview:large","max-video-preview":"max-video-preview:-1"},"canonical":"http:\/\/imprimepopulaire.fr\/?page_id=505","og_locale":"fr_FR","og_type":"article","og_title":"Les prochains ateliers des amis de l'Imprim\u00e9 Populaire","og_description":"Les prochains ateliers des amis de l'Imprim\u00e9 Populaire","og_url":"http:\/\/imprimepopulaire.fr\/?page_id=505","og_site_name":"Les amis de l&#039;Imprim\u00e9 Populaire","article_modified_time":"2026-02-07T10:02:27+00:00","og_image":[{"width":1024,"height":614,"url":"http:\/\/imprimepopulaire.fr\/wp-content\/uploads\/2019\/12\/banniere_atelierzine-1024x614.png","type":"image\/png"}],"twitter_card":"summary_large_image","twitter_misc":{"Dur\u00e9e de lecture estim\u00e9e":"1 minute"},"schema":{"@context":"https:\/\/schema.org","@graph":[{"@type":"WebPage","@id":"http:\/\/imprimepopulaire.fr\/?page_id=505","url":"http:\/\/imprimepopulaire.fr\/?page_id=505","name":"AGENDA - Les amis de l&#039;Imprim\u00e9 Populaire","isPartOf":{"@id":"https:\/\/imprimepopulaire.fr\/#website"},"primaryImageOfPage":{"@id":"http:\/\/imprimepopulaire.fr\/?page_id=505#primaryimage"},"image":{"@id":"http:\/\/imprimepopulaire.fr\/?page_id=505#primaryimage"},"thumbnailUrl":"http:\/\/imprimepopulaire.fr\/wp-content\/uploads\/2019\/12\/banniere_atelierzine.png","datePublished":"2018-09-11T17:19:34+00:00","dateModified":"2026-02-07T10:02:27+00:00","description":"Les prochains ateliers (notamment de s\u00e9rigraphie, hectographie ou de gravure en r\u00e9cup') ou stands pr\u00e9vus par les amis de l'Imprim\u00e9 Populaire.","breadcrumb":{"@id":"http:\/\/imprimepopulaire.fr\/?page_id=505#breadcrumb"},"inLanguage":"fr-FR","potentialAction":[{"@type":"ReadAction","target":["http:\/\/imprimepopulaire.fr\/?page_id=505"]}]},{"@type":"ImageObject","inLanguage":"fr-FR","@id":"http:\/\/imprimepopulaire.fr\/?page_id=505#primaryimage","url":"http:\/\/imprimepopulaire.fr\/wp-content\/uploads\/2019\/12\/banniere_atelierzine.png","contentUrl":"http:\/\/imprimepopulaire.fr\/wp-content\/uploads\/2019\/12\/banniere_atelierzine.png","width":2000,"height":1200},{"@type":"BreadcrumbList","@id":"http:\/\/imprimepopulaire.fr\/?page_id=505#breadcrumb","itemListElement":[{"@type":"ListItem","position":1,"name":"Accueil","item":"https:\/\/imprimepopulaire.fr\/"},{"@type":"ListItem","position":2,"name":"AGENDA"}]},{"@type":"WebSite","@id":"https:\/\/imprimepopulaire.fr\/#website","url":"https:\/\/imprimepopulaire.fr\/","name":"Les amis de l&#039;Imprim\u00e9 Populaire","description":"","publisher":{"@id":"https:\/\/imprimepopulaire.fr\/#organization"},"potentialAction":[{"@type":"SearchAction","target":{"@type":"EntryPoint","urlTemplate":"https:\/\/imprimepopulaire.fr\/?s={search_term_string}"},"query-input":{"@type":"PropertyValueSpecification","valueRequired":true,"valueName":"search_term_string"}}],"inLanguage":"fr-FR"},{"@type":"Organization","@id":"https:\/\/imprimepopulaire.fr\/#organization","name":"Les amis de l&#039;Imprim\u00e9 Populaire","url":"https:\/\/imprimepopulaire.fr\/","logo":{"@type":"ImageObject","inLanguage":"fr-FR","@id":"https:\/\/imprimepopulaire.fr\/#\/schema\/logo\/image\/","url":"http:\/\/imprimepopulaire.fr\/wp-content\/uploads\/2019\/12\/cropped-logo4_av_slogan-1.png","contentUrl":"http:\/\/imprimepopulaire.fr\/wp-content\/uploads\/2019\/12\/cropped-logo4_av_slogan-1.png","width":1008,"height":400,"caption":"Les amis de l&#039;Imprim\u00e9 Populaire"},"image":{"@id":"https:\/\/imprimepopulaire.fr\/#\/schema\/logo\/image\/"}}]}},"jetpack_sharing_enabled":true,"_links":{"self":[{"href":"http:\/\/imprimepopulaire.fr\/index.php?rest_route=\/wp\/v2\/pages\/505","targetHints":{"allow":["GET"]}}],"collection":[{"href":"http:\/\/imprimepopulaire.fr\/index.php?rest_route=\/wp\/v2\/pages"}],"about":[{"href":"http:\/\/imprimepopulaire.fr\/index.php?rest_route=\/wp\/v2\/types\/page"}],"author":[{"embeddable":true,"href":"http:\/\/imprimepopulaire.fr\/index.php?rest_route=\/wp\/v2\/users\/1"}],"replies":[{"embeddable":true,"href":"http:\/\/imprimepopulaire.fr\/index.php?rest_route=%2Fwp%2Fv2%2Fcomments&post=505"}],"version-history":[{"count":32,"href":"http:\/\/imprimepopulaire.fr\/index.php?rest_route=\/wp\/v2\/pages\/505\/revisions"}],"predecessor-version":[{"id":1595,"href":"http:\/\/imprimepopulaire.fr\/index.php?rest_route=\/wp\/v2\/pages\/505\/revisions\/1595"}],"wp:featuredmedia":[{"embeddable":true,"href":"http:\/\/imprimepopulaire.fr\/index.php?rest_route=\/wp\/v2\/media\/978"}],"wp:attachment":[{"href":"http:\/\/imprimepopulaire.fr\/index.php?rest_route=%2Fwp%2Fv2%2Fmedia&parent=505"}],"curies":[{"name":"wp","href":"https:\/\/api.w.org\/{rel}","templated":true}]}}